{"id":2234,"date":"2024-11-08T14:23:22","date_gmt":"2024-11-08T14:23:22","guid":{"rendered":"https:\/\/seemer-fastnachtsgaudi.de\/?page_id=2234"},"modified":"2024-11-08T14:33:05","modified_gmt":"2024-11-08T14:33:05","slug":"kinderschutz","status":"publish","type":"page","link":"https:\/\/seemer-fastnachtsgaudi.de\/?page_id=2234","title":{"rendered":"Kinderschutz"},"content":{"rendered":"<p><div class=\"fusion-fullwidth fullwidth-box fusion-builder-row-1 nonhundred-percent-fullwidth non-hundred-percent-height-scrolling\" style=\"--awb-border-radius-top-left:0px;--awb-border-radius-top-right:0px;--awb-border-radius-bottom-right:0px;--awb-border-radius-bottom-left:0px;--awb-flex-wrap:wrap;\" ><div class=\"fusion-builder-row fusion-row\"><div class=\"fusion-layout-column fusion_builder_column fusion-builder-column-0 fusion_builder_column_1_1 1_1 fusion-one-full fusion-column-first fusion-column-last\" style=\"--awb-bg-size:cover;\"><div class=\"fusion-column-wrapper fusion-flex-column-wrapper-legacy\"><div class=\"fusion-sep-clear\"><\/div><div class=\"fusion-separator fusion-full-width-sep\" style=\"margin-left: auto;margin-right: auto;width:100%;\"><div class=\"fusion-separator-border sep-double\" style=\"--awb-height:20px;--awb-amount:20px;border-color:#ae895d;border-top-width:1px;border-bottom-width:1px;\"><\/div><\/div><div class=\"fusion-sep-clear\"><\/div><div class=\"fusion-text fusion-text-1\"><h2>Kinder- und Jugendschutz bei der SFG: Wir schauen hin<\/h2>\n<\/div><div class=\"fusion-clearfix\"><\/div><\/div><\/div><div class=\"fusion-layout-column fusion_builder_column fusion-builder-column-1 fusion_builder_column_1_2 1_2 fusion-one-half fusion-column-first\" style=\"--awb-bg-size:cover;width:50%;width:calc(50% - ( ( 4% ) * 0.5 ) );margin-right: 4%;\"><div class=\"fusion-column-wrapper fusion-flex-column-wrapper-legacy\"><div class=\"fusion-text fusion-text-2\"><h1>Ansprechpartner Kinder-\u00a0 und Jugendschutz<\/h1>\n<p style=\"text-align: left;\">Vorstellung der Ansprechpartner f\u00fcr den Kinder- und Jugendschutz:<\/p>\n<table class=\" alignleft\">\n<tbody>\n<tr>\n<td width=\"236\">Lisa Birkenhauer<\/td>\n<\/tr>\n<tr>\n<td width=\"236\">Yvonne Dingerdissen<\/td>\n<\/tr>\n<tr>\n<td width=\"236\">Fabian Kindl<\/td>\n<\/tr>\n<\/tbody>\n<\/table>\n<\/div><div class=\"fusion-image-element in-legacy-container\" style=\"--awb-caption-title-font-family:var(--h2_typography-font-family);--awb-caption-title-font-weight:var(--h2_typography-font-weight);--awb-caption-title-font-style:var(--h2_typography-font-style);--awb-caption-title-size:var(--h2_typography-font-size);--awb-caption-title-transform:var(--h2_typography-text-transform);--awb-caption-title-line-height:var(--h2_typography-line-height);--awb-caption-title-letter-spacing:var(--h2_typography-letter-spacing);\"><span class=\" fusion-imageframe imageframe-none imageframe-1 hover-type-none\"><img decoding=\"async\" width=\"780\" height=\"439\" title=\"9a525532-6034-4132-8e8c-e4c5ea4056de\" src=\"http:\/\/seemer-fastnachtsgaudi.de\/wp-content\/uploads\/2024\/11\/9a525532-6034-4132-8e8c-e4c5ea4056de.webp\" alt class=\"img-responsive wp-image-2236\" srcset=\"https:\/\/seemer-fastnachtsgaudi.de\/wp-content\/uploads\/2024\/11\/9a525532-6034-4132-8e8c-e4c5ea4056de-200x113.webp 200w, https:\/\/seemer-fastnachtsgaudi.de\/wp-content\/uploads\/2024\/11\/9a525532-6034-4132-8e8c-e4c5ea4056de-300x169.webp 300w, https:\/\/seemer-fastnachtsgaudi.de\/wp-content\/uploads\/2024\/11\/9a525532-6034-4132-8e8c-e4c5ea4056de-400x225.webp 400w, https:\/\/seemer-fastnachtsgaudi.de\/wp-content\/uploads\/2024\/11\/9a525532-6034-4132-8e8c-e4c5ea4056de-600x338.webp 600w, https:\/\/seemer-fastnachtsgaudi.de\/wp-content\/uploads\/2024\/11\/9a525532-6034-4132-8e8c-e4c5ea4056de-768x432.webp 768w, https:\/\/seemer-fastnachtsgaudi.de\/wp-content\/uploads\/2024\/11\/9a525532-6034-4132-8e8c-e4c5ea4056de.webp 780w\" sizes=\"(max-width: 1120px) 100vw, 600px\" \/><\/span><\/div><div class=\"fusion-clearfix\"><\/div><\/div><\/div><div class=\"fusion-layout-column fusion_builder_column fusion-builder-column-2 fusion_builder_column_1_2 1_2 fusion-one-half fusion-column-last\" style=\"--awb-bg-size:cover;width:50%;width:calc(50% - ( ( 4% ) * 0.5 ) );\"><div class=\"fusion-column-wrapper fusion-flex-column-wrapper-legacy\"><div class=\"fusion-text fusion-text-3\"><p><span data-contrast=\"auto\">Wir sind sehr stolz, dass in unseren Kinder- und Jugendtanzgruppen sowie in unserer Garde \u00fcber 50 minderj\u00e4hrige T\u00e4nzerinnen und T\u00e4nzer mit Begeisterung am Training teilnehmen, an unserer Fastnacht auf der B\u00fchne stehen und sich in der SFG engagieren.<\/span><span data-ccp-props=\"{}\">\u00a0<\/span><\/p>\n<p><span data-contrast=\"auto\">Der Tanzsport und auch das Vereinsleben haben gro\u00dfes Potenzial zu einer positiven k\u00f6rperlichen und geistigen Entwicklung von Kindern und Jugendlichen beizutragen.<\/span><span data-ccp-props=\"{}\">\u00a0<\/span><\/p>\n<p><span data-contrast=\"auto\">Doch \u00fcberall dort, wo Menschen gemeinsam agieren, k\u00f6nnen Grenz\u00fcberschreitungen, Machtmissbrauch, verbale und k\u00f6rperliche \u00dcbergriffe vorkommen. <\/span><span data-ccp-props=\"{}\">\u00a0<\/span><\/p>\n<\/div><div class=\"fusion-clearfix\"><\/div><\/div><\/div><\/div><\/div><div class=\"fusion-fullwidth fullwidth-box fusion-builder-row-2 fusion-flex-container has-pattern-background has-mask-background nonhundred-percent-fullwidth non-hundred-percent-height-scrolling\" style=\"--awb-border-radius-top-left:0px;--awb-border-radius-top-right:0px;--awb-border-radius-bottom-right:0px;--awb-border-radius-bottom-left:0px;--awb-flex-wrap:wrap;\" ><div class=\"fusion-builder-row fusion-row fusion-flex-align-items-flex-start fusion-flex-content-wrap\" style=\"max-width:1216.8px;margin-left: calc(-4% \/ 2 );margin-right: calc(-4% \/ 2 );\"><div class=\"fusion-layout-column fusion_builder_column fusion-builder-column-3 fusion_builder_column_1_1 1_1 fusion-flex-column\" style=\"--awb-bg-size:cover;--awb-width-large:100%;--awb-margin-top-large:0px;--awb-spacing-right-large:1.92%;--awb-margin-bottom-large:20px;--awb-spacing-left-large:1.92%;--awb-width-medium:100%;--awb-order-medium:0;--awb-spacing-right-medium:1.92%;--awb-spacing-left-medium:1.92%;--awb-width-small:100%;--awb-order-small:0;--awb-spacing-right-small:1.92%;--awb-spacing-left-small:1.92%;\"><div class=\"fusion-column-wrapper fusion-column-has-shadow fusion-flex-justify-content-flex-start fusion-content-layout-column\"><div class=\"fusion-separator fusion-full-width-sep\" style=\"align-self: center;margin-left: auto;margin-right: auto;width:100%;\"><div class=\"fusion-separator-border sep-double\" style=\"--awb-height:20px;--awb-amount:20px;border-color:#ae895d;border-top-width:1px;border-bottom-width:1px;\"><\/div><\/div><div class=\"fusion-text fusion-text-4\"><h3>Wir sprechen uns in unserem Verein klar gegen jegliche Form von Grenz\u00fcberschreitungen und Gewalt aus.<\/h3>\n<p><b><span data-contrast=\"auto\">Deswegen wurde im April 2024 im Vorstand beschlossen, dass Thema Kindeswohl und Kinderschutz zu einem festen Bestandteil unseres Vereins zu machen und konkrete Ma\u00dfnahmen umzusetzen.<\/span><\/b><span data-ccp-props=\"{}\">\u00a0<\/span><\/p>\n<h3><b><span data-contrast=\"auto\">Wir m\u00f6chten eine noch st\u00e4rkere Kultur des Hinsehens schaffen.<\/span><\/b><\/h3>\n<p><b><span data-contrast=\"auto\">Unser Verein soll ein Ort sein, an dem sich junge Menschen wohl und sicher f\u00fchlen, ernst genommen werden und sich einbringen k\u00f6nnen.<\/span><\/b><\/p>\n<p><span data-contrast=\"auto\">Als ersten Schritt wurden <\/span><span data-contrast=\"none\">Yvonne Dingerdissen, Lisa Birkenhauer <\/span><span data-contrast=\"auto\">als Kinderschutzbeauftragte der SFG benannt. Sollte eine m\u00e4nnliche Ansprechperson bevorzugt werden, steht Fabian Kindl zur Verf\u00fcgung.<\/span><span data-ccp-props=\"{}\">\u00a0<\/span><\/p>\n<p><span data-contrast=\"auto\">Sie stehen unseren Trainerinnen, den T\u00e4nzerinnen und T\u00e4nzern, den Eltern, dem Vorstand und allen Mitgliedern als erste Ansprechpartner bei Fragen oder Problemen zum Thema Kinderschutz zur Seite.<\/span><span data-ccp-props=\"{}\">\u00a0<\/span><\/p>\n<p><span data-contrast=\"auto\">Erreichbar sind unsere Kinderschutzbeauftragten per Mail an <\/span><a href=\"mailto:kinderschutz@seemer-fastnachtsgaudi.de\"><span data-contrast=\"none\">kinderschutz@seemer-fastnachtsgaudi.de<\/span><\/a><span data-ccp-props=\"{}\">\u00a0<\/span><\/p>\n<p><span data-contrast=\"auto\">Selbstverst\u00e4ndlich haben auch unser Vorstand und unsere Trainerinnen bei Problemen oder Unsicherheiten stets ein offenes Ohr f\u00fcr die Kinder, den Jugendlichen sowie f\u00fcr deren Eltern. <\/span><span data-ccp-props=\"{}\">\u00a0<\/span><\/p>\n<p><span data-contrast=\"auto\">Zus\u00e4tzlich m\u00f6chten wir auch auf externe und<strong> anonyme Beratungsm\u00f6glichkeiten<\/strong> hinweisen:\u00a0<\/span><span data-ccp-props=\"{}\">\u00a0<\/span><\/p>\n<p><span data-contrast=\"none\">Sowohl bei eigenem Hilfebedarf als auch bei der Sorge um andere sowie Fragen zu Handlungsm\u00f6glichkeiten, kann beim Kinderschutzbund oder beim Kinder- und Jugendtelefon unter der <strong>Nummer 116 111<\/strong> eine allgemeine Beratung in Anspruch genommen werden.<\/span><span data-ccp-props=\"{}\">\u00a0<\/span><\/p>\n<\/div><\/div><\/div><div class=\"fusion-layout-column fusion_builder_column fusion-builder-column-4 fusion_builder_column_1_2 1_2 fusion-flex-column\" style=\"--awb-bg-size:cover;--awb-width-large:50%;--awb-margin-top-large:0px;--awb-spacing-right-large:3.84%;--awb-margin-bottom-large:20px;--awb-spacing-left-large:3.84%;--awb-width-medium:100%;--awb-order-medium:0;--awb-spacing-right-medium:1.92%;--awb-spacing-left-medium:1.92%;--awb-width-small:100%;--awb-order-small:0;--awb-spacing-right-small:1.92%;--awb-spacing-left-small:1.92%;\"><div class=\"fusion-column-wrapper fusion-column-has-shadow fusion-flex-justify-content-flex-start fusion-content-layout-column\"><\/div><\/div><div class=\"fusion-layout-column fusion_builder_column fusion-builder-column-5 fusion_builder_column_1_1 1_1 fusion-flex-column\" style=\"--awb-bg-size:cover;--awb-width-large:100%;--awb-margin-top-large:0px;--awb-spacing-right-large:1.92%;--awb-margin-bottom-large:20px;--awb-spacing-left-large:1.92%;--awb-width-medium:100%;--awb-order-medium:0;--awb-spacing-right-medium:1.92%;--awb-spacing-left-medium:1.92%;--awb-width-small:100%;--awb-order-small:0;--awb-spacing-right-small:1.92%;--awb-spacing-left-small:1.92%;\"><div class=\"fusion-column-wrapper fusion-column-has-shadow fusion-flex-justify-content-flex-start fusion-content-layout-column\"><div style=\"text-align:right;\"><a class=\"fusion-button button-flat fusion-button-default-size button-custom fusion-button-default button-1 fusion-button-span-no fusion-button-default-type\" style=\"--button_accent_color:#ffffff;--button_accent_hover_color:#ff8a00;--button_border_hover_color:#ff8a00;--button_gradient_top_color:rgba(255,255,255,0);--button_gradient_bottom_color:rgba(255,255,255,0);--button_gradient_top_color_hover:rgba(255,255,255,.05);--button_gradient_bottom_color_hover:rgba(255,255,255,.05);\" target=\"_self\" href=\"https:\/\/seemer-fastnachtsgaudi.de\/?page_id=913\"><span class=\"fusion-button-text\">Zur\u00fcck<\/span><\/a><\/div>\n<\/div><\/div><\/div><\/div><\/p>\n","protected":false},"excerpt":{"rendered":"","protected":false},"author":2,"featured_media":0,"parent":0,"menu_order":0,"comment_status":"closed","ping_status":"closed","template":"","meta":{"_acf_changed":false,"footnotes":""},"class_list":["post-2234","page","type-page","status-publish","hentry"],"acf":[],"yoast_head":"<!-- This site is optimized with the Yoast SEO plugin v23.5 - https:\/\/yoast.com\/wordpress\/plugins\/seo\/ -->\n<title>Kinderschutz - See&#039;mer Fastnachtsgaudi<\/title>\n<meta name=\"robots\" content=\"index, follow, max-snippet:-1, max-image-preview:large, max-video-preview:-1\" \/>\n<link rel=\"canonical\" href=\"https:\/\/seemer-fastnachtsgaudi.de\/?page_id=2234\" \/>\n<meta property=\"og:locale\" content=\"de_DE\" \/>\n<meta property=\"og:type\" content=\"article\" \/>\n<meta property=\"og:title\" content=\"Kinderschutz - See&#039;mer Fastnachtsgaudi\" \/>\n<meta property=\"og:url\" content=\"https:\/\/seemer-fastnachtsgaudi.de\/?page_id=2234\" \/>\n<meta property=\"og:site_name\" content=\"See&#039;mer Fastnachtsgaudi\" \/>\n<meta property=\"article:modified_time\" content=\"2024-11-08T14:33:05+00:00\" \/>\n<meta name=\"twitter:card\" content=\"summary_large_image\" \/>\n<meta name=\"twitter:label1\" content=\"Gesch\u00e4tzte Lesezeit\" \/>\n\t<meta name=\"twitter:data1\" content=\"2\u00a0Minuten\" \/>\n<script type=\"application\/ld+json\" class=\"yoast-schema-graph\">{\"@context\":\"https:\/\/schema.org\",\"@graph\":[{\"@type\":\"WebPage\",\"@id\":\"https:\/\/seemer-fastnachtsgaudi.de\/?page_id=2234\",\"url\":\"https:\/\/seemer-fastnachtsgaudi.de\/?page_id=2234\",\"name\":\"Kinderschutz - See&#039;mer Fastnachtsgaudi\",\"isPartOf\":{\"@id\":\"https:\/\/seemer-fastnachtsgaudi.de\/#website\"},\"datePublished\":\"2024-11-08T14:23:22+00:00\",\"dateModified\":\"2024-11-08T14:33:05+00:00\",\"breadcrumb\":{\"@id\":\"https:\/\/seemer-fastnachtsgaudi.de\/?page_id=2234#breadcrumb\"},\"inLanguage\":\"de\",\"potentialAction\":[{\"@type\":\"ReadAction\",\"target\":[\"https:\/\/seemer-fastnachtsgaudi.de\/?page_id=2234\"]}]},{\"@type\":\"BreadcrumbList\",\"@id\":\"https:\/\/seemer-fastnachtsgaudi.de\/?page_id=2234#breadcrumb\",\"itemListElement\":[{\"@type\":\"ListItem\",\"position\":1,\"name\":\"Startseite\",\"item\":\"https:\/\/seemer-fastnachtsgaudi.de\/\"},{\"@type\":\"ListItem\",\"position\":2,\"name\":\"Kinderschutz\"}]},{\"@type\":\"WebSite\",\"@id\":\"https:\/\/seemer-fastnachtsgaudi.de\/#website\",\"url\":\"https:\/\/seemer-fastnachtsgaudi.de\/\",\"name\":\"See&#039;mer Fastnachtsgaudi\",\"description\":\"Fastnachtsgaudi\",\"publisher\":{\"@id\":\"https:\/\/seemer-fastnachtsgaudi.de\/#organization\"},\"potentialAction\":[{\"@type\":\"SearchAction\",\"target\":{\"@type\":\"EntryPoint\",\"urlTemplate\":\"https:\/\/seemer-fastnachtsgaudi.de\/?s={search_term_string}\"},\"query-input\":{\"@type\":\"PropertyValueSpecification\",\"valueRequired\":true,\"valueName\":\"search_term_string\"}}],\"inLanguage\":\"de\"},{\"@type\":\"Organization\",\"@id\":\"https:\/\/seemer-fastnachtsgaudi.de\/#organization\",\"name\":\"Seemer Fastnachtsgaudi\",\"url\":\"https:\/\/seemer-fastnachtsgaudi.de\/\",\"logo\":{\"@type\":\"ImageObject\",\"inLanguage\":\"de\",\"@id\":\"https:\/\/seemer-fastnachtsgaudi.de\/#\/schema\/logo\/image\/\",\"url\":\"https:\/\/seemer-fastnachtsgaudi.de\/wp-content\/uploads\/2019\/02\/sfg-logo1.gif\",\"contentUrl\":\"https:\/\/seemer-fastnachtsgaudi.de\/wp-content\/uploads\/2019\/02\/sfg-logo1.gif\",\"width\":170,\"height\":170,\"caption\":\"Seemer Fastnachtsgaudi\"},\"image\":{\"@id\":\"https:\/\/seemer-fastnachtsgaudi.de\/#\/schema\/logo\/image\/\"}}]}<\/script>\n<!-- \/ Yoast SEO plugin. -->","yoast_head_json":{"title":"Kinderschutz - See&#039;mer Fastnachtsgaudi","robots":{"index":"index","follow":"follow","max-snippet":"max-snippet:-1","max-image-preview":"max-image-preview:large","max-video-preview":"max-video-preview:-1"},"canonical":"https:\/\/seemer-fastnachtsgaudi.de\/?page_id=2234","og_locale":"de_DE","og_type":"article","og_title":"Kinderschutz - See&#039;mer Fastnachtsgaudi","og_url":"https:\/\/seemer-fastnachtsgaudi.de\/?page_id=2234","og_site_name":"See&#039;mer Fastnachtsgaudi","article_modified_time":"2024-11-08T14:33:05+00:00","twitter_card":"summary_large_image","twitter_misc":{"Gesch\u00e4tzte Lesezeit":"2\u00a0Minuten"},"schema":{"@context":"https:\/\/schema.org","@graph":[{"@type":"WebPage","@id":"https:\/\/seemer-fastnachtsgaudi.de\/?page_id=2234","url":"https:\/\/seemer-fastnachtsgaudi.de\/?page_id=2234","name":"Kinderschutz - See&#039;mer Fastnachtsgaudi","isPartOf":{"@id":"https:\/\/seemer-fastnachtsgaudi.de\/#website"},"datePublished":"2024-11-08T14:23:22+00:00","dateModified":"2024-11-08T14:33:05+00:00","breadcrumb":{"@id":"https:\/\/seemer-fastnachtsgaudi.de\/?page_id=2234#breadcrumb"},"inLanguage":"de","potentialAction":[{"@type":"ReadAction","target":["https:\/\/seemer-fastnachtsgaudi.de\/?page_id=2234"]}]},{"@type":"BreadcrumbList","@id":"https:\/\/seemer-fastnachtsgaudi.de\/?page_id=2234#breadcrumb","itemListElement":[{"@type":"ListItem","position":1,"name":"Startseite","item":"https:\/\/seemer-fastnachtsgaudi.de\/"},{"@type":"ListItem","position":2,"name":"Kinderschutz"}]},{"@type":"WebSite","@id":"https:\/\/seemer-fastnachtsgaudi.de\/#website","url":"https:\/\/seemer-fastnachtsgaudi.de\/","name":"See&#039;mer Fastnachtsgaudi","description":"Fastnachtsgaudi","publisher":{"@id":"https:\/\/seemer-fastnachtsgaudi.de\/#organization"},"potentialAction":[{"@type":"SearchAction","target":{"@type":"EntryPoint","urlTemplate":"https:\/\/seemer-fastnachtsgaudi.de\/?s={search_term_string}"},"query-input":{"@type":"PropertyValueSpecification","valueRequired":true,"valueName":"search_term_string"}}],"inLanguage":"de"},{"@type":"Organization","@id":"https:\/\/seemer-fastnachtsgaudi.de\/#organization","name":"Seemer Fastnachtsgaudi","url":"https:\/\/seemer-fastnachtsgaudi.de\/","logo":{"@type":"ImageObject","inLanguage":"de","@id":"https:\/\/seemer-fastnachtsgaudi.de\/#\/schema\/logo\/image\/","url":"https:\/\/seemer-fastnachtsgaudi.de\/wp-content\/uploads\/2019\/02\/sfg-logo1.gif","contentUrl":"https:\/\/seemer-fastnachtsgaudi.de\/wp-content\/uploads\/2019\/02\/sfg-logo1.gif","width":170,"height":170,"caption":"Seemer Fastnachtsgaudi"},"image":{"@id":"https:\/\/seemer-fastnachtsgaudi.de\/#\/schema\/logo\/image\/"}}]}},"_links":{"self":[{"href":"https:\/\/seemer-fastnachtsgaudi.de\/index.php?rest_route=\/wp\/v2\/pages\/2234"}],"collection":[{"href":"https:\/\/seemer-fastnachtsgaudi.de\/index.php?rest_route=\/wp\/v2\/pages"}],"about":[{"href":"https:\/\/seemer-fastnachtsgaudi.de\/index.php?rest_route=\/wp\/v2\/types\/page"}],"author":[{"embeddable":true,"href":"https:\/\/seemer-fastnachtsgaudi.de\/index.php?rest_route=\/wp\/v2\/users\/2"}],"replies":[{"embeddable":true,"href":"https:\/\/seemer-fastnachtsgaudi.de\/index.php?rest_route=%2Fwp%2Fv2%2Fcomments&post=2234"}],"version-history":[{"count":14,"href":"https:\/\/seemer-fastnachtsgaudi.de\/index.php?rest_route=\/wp\/v2\/pages\/2234\/revisions"}],"predecessor-version":[{"id":2250,"href":"https:\/\/seemer-fastnachtsgaudi.de\/index.php?rest_route=\/wp\/v2\/pages\/2234\/revisions\/2250"}],"wp:attachment":[{"href":"https:\/\/seemer-fastnachtsgaudi.de\/index.php?rest_route=%2Fwp%2Fv2%2Fmedia&parent=2234"}],"curies":[{"name":"wp","href":"https:\/\/api.w.org\/{rel}","templated":true}]}}